{"id":6,"date":"2023-05-29T13:30:42","date_gmt":"2023-05-29T13:30:42","guid":{"rendered":"http:\/\/klima-profi-mallorca.de\/?page_id=6"},"modified":"2023-06-12T22:04:37","modified_gmt":"2023-06-12T22:04:37","slug":"profi-klima-service-auf-mallorca","status":"publish","type":"page","link":"http:\/\/klima-profi-mallorca.de\/","title":{"rendered":"Klimaanlage                     Installation, Wartung und Service             Nowak auf Mallorca"},"content":{"rendered":"\n<p><\/p>\n\n\n\n<p><\/p>\n\n\n\n<h2 class=\"wp-block-heading\">Professioneller Klimaanlagen-Service auf Mallorca<\/h2>\n\n\n\n<h3 class=\"wp-block-heading\">Ihre Ma\u00dfgeschneiderte Klimaanlage vom Klima Profi!<\/h3>\n\n\n\n<p>Willkommen bei Ihrem Klimaanlagen Experten auf Mallorca! Ihr Komfort und Ihre Zufriedenheit sind unsere Priorit\u00e4t. Mit ma\u00dfgeschneiderten L\u00f6sungen rund um Planung, Einbau und Wartung von Klimaanlagen bringen wir angenehme K\u00fchlung in Ihre R\u00e4umlichkeiten, ob Privathaus, B\u00fcrogeb\u00e4ude oder Ladenlokal.<\/p>\n\n\n\n<p>Unser kompetentes Team agiert mit Leidenschaft und Know-how, um Ihre W\u00fcnsche und Bed\u00fcrfnisse zu erf\u00fcllen. Wir garantieren eine sorgf\u00e4ltige Planung, professionelle Installation und zuverl\u00e4ssige Wartung Ihrer Klimaanlage. Mit einem Fokus auf Energieeffizienz und Umweltvertr\u00e4glichkeit, sind wir bestrebt, die optimale Funktion Ihrer Klimaanlage zu gew\u00e4hrleisten und Ihre Lebensqualit\u00e4t zu steigern.<\/p>\n\n\n\n<p>Bereit f\u00fcr ein angenehmes Klima und mehr Komfort? Kontaktieren Sie uns jetzt f\u00fcr ein unverbindliches Angebot. Nutzen Sie einfach unser Kontaktformular auf dieser Seite.<\/p>\n\n\n\n<p>Wir freuen uns darauf, Ihnen den bestm\u00f6glichen Service rund um Klimaanlagen auf Mallorca zu bieten! Ihr Wohlbefinden ist unser Gesch\u00e4ft.<\/p>\n\n\n\n<p class=\"has-large-font-size\">Kontakt:<br>Jan Nowak<br>Tel.: +49 1575 8483235<br>E-Mail: jan.n.klima@gmail.com<\/p>\n\n\n<div class=\"wpforms-container wpforms-container-full wpforms-block wpforms-block-1f563c12-e605-40fa-a0c4-08fa846745cc wpforms-render-modern\" id=\"wpforms-4\"><form id=\"wpforms-form-4\" class=\"wpforms-validate wpforms-form wpforms-ajax-form\" data-formid=\"4\" method=\"post\" enctype=\"multipart\/form-data\" action=\"\/index.php?rest_route=%2Fwp%2Fv2%2Fpages%2F6\" data-token=\"db0fe86da8bc5733d748770c79d36462\" data-token-time=\"1777624565\"><noscript class=\"wpforms-error-noscript\">Bitte aktiviere JavaScript in deinem Browser, um dieses Formular fertigzustellen.<\/noscript><div id=\"wpforms-error-noscript\" style=\"display: none;\">Bitte aktiviere JavaScript in deinem Browser, um dieses Formular fertigzustellen.<\/div><div class=\"wpforms-field-container\"><div id=\"wpforms-4-field_0-container\" class=\"wpforms-field wpforms-field-name\" data-field-id=\"0\"><fieldset><legend class=\"wpforms-field-label\">Name <span class=\"wpforms-required-label\" aria-hidden=\"true\">*<\/span><\/legend><div class=\"wpforms-field-row wpforms-field-medium\"><div class=\"wpforms-field-row-block wpforms-first wpforms-one-half\"><input type=\"text\" id=\"wpforms-4-field_0\" class=\"wpforms-field-name-first wpforms-field-required\" name=\"wpforms[fields][0][first]\" aria-errormessage=\"wpforms-4-field_0-error\" required><label for=\"wpforms-4-field_0\" class=\"wpforms-field-sublabel after\">Vorname<\/label><\/div><div class=\"wpforms-field-row-block wpforms-one-half\"><input type=\"text\" id=\"wpforms-4-field_0-last\" class=\"wpforms-field-name-last wpforms-field-required\" name=\"wpforms[fields][0][last]\" aria-errormessage=\"wpforms-4-field_0-last-error\" required><label for=\"wpforms-4-field_0-last\" class=\"wpforms-field-sublabel after\">Nachname<\/label><\/div><\/div><\/fieldset><\/div><div id=\"wpforms-4-field_1-container\" class=\"wpforms-field wpforms-field-email\" data-field-id=\"1\"><label class=\"wpforms-field-label\" for=\"wpforms-4-field_1\">E-Mail <span class=\"wpforms-required-label\" aria-hidden=\"true\">*<\/span><\/label><input type=\"email\" id=\"wpforms-4-field_1\" class=\"wpforms-field-medium wpforms-field-required\" name=\"wpforms[fields][1]\" spellcheck=\"false\" aria-errormessage=\"wpforms-4-field_1-error\" required><\/div><div id=\"wpforms-4-field_2-container\" class=\"wpforms-field wpforms-field-textarea\" data-field-id=\"2\"><label class=\"wpforms-field-label\" for=\"wpforms-4-field_2\">Kommentar oder Nachricht<\/label><textarea id=\"wpforms-4-field_2\" class=\"wpforms-field-medium\" name=\"wpforms[fields][2]\" aria-errormessage=\"wpforms-4-field_2-error\" ><\/textarea><\/div><\/div><!-- .wpforms-field-container --><div class=\"wpforms-recaptcha-container wpforms-is-turnstile\" ><div class=\"wpforms-turnstile\" data-sitekey=\"0x4AAAAAAAFXoEfv-zVIkwPf\" data-action=\"FormID-4\"><\/div><input type=\"text\" name=\"g-recaptcha-hidden\" class=\"wpforms-recaptcha-hidden\" style=\"position:absolute!important;clip:rect(0,0,0,0)!important;height:1px!important;width:1px!important;border:0!important;overflow:hidden!important;padding:0!important;margin:0!important;\" data-rule-turnstile=\"1\"><\/div><div class=\"wpforms-submit-container\" ><input type=\"hidden\" name=\"wpforms[id]\" value=\"4\"><input type=\"hidden\" name=\"page_title\" value=\"\"><input type=\"hidden\" name=\"page_url\" value=\"http:\/\/klima-profi-mallorca.de\/index.php?rest_route=\/wp\/v2\/pages\/6\"><input type=\"hidden\" name=\"url_referer\" value=\"\"><button type=\"submit\" name=\"wpforms[submit]\" id=\"wpforms-submit-4\" class=\"wpforms-submit\" data-alt-text=\"Senden\u2026\" data-submit-text=\"Absenden\" aria-live=\"assertive\" value=\"wpforms-submit\">Absenden<\/button><img loading=\"lazy\" decoding=\"async\" src=\"http:\/\/klima-profi-mallorca.de\/wp-content\/plugins\/wpforms-lite\/assets\/images\/submit-spin.svg\" class=\"wpforms-submit-spinner\" style=\"display: none;\" width=\"26\" height=\"26\" alt=\"Wird geladen\"><\/div><\/form><\/div>  <!-- .wpforms-container -->","protected":false},"excerpt":{"rendered":"<p>Professioneller Klimaanlagen-Service auf Mallorca Ihre Ma\u00dfgeschneiderte Klimaanlage vom Klima Profi! Willkommen bei Ihrem Klimaanlagen Experten auf Mallorca! Ihr Komfort und Ihre Zufriedenheit sind unsere Priorit\u00e4t. Mit ma\u00dfgeschneiderten L\u00f6sungen rund um Planung, Einbau und Wartung von Klimaanlagen bringen wir angenehme K\u00fchlung in Ihre R\u00e4umlichkeiten, ob Privathaus, B\u00fcrogeb\u00e4ude oder Ladenlokal. Unser kompetentes Team agiert mit Leidenschaft und [&hellip;]<\/p>\n","protected":false},"author":1,"featured_media":14,"parent":0,"menu_order":0,"comment_status":"closed","ping_status":"closed","template":"","meta":{"footnotes":""},"class_list":["post-6","page","type-page","status-publish","has-post-thumbnail","hentry"],"yoast_head":"<!-- This site is optimized with the Yoast SEO plugin v27.4 - https:\/\/yoast.com\/product\/yoast-seo-wordpress\/ -->\n<title>Klimaanlage           Installation, Wartung und Service       Nowak auf Mallorca - Jan Nowak Klima<\/title>\n<meta name=\"description\" content=\"Ihr Experte f\u00fcr Klimaanlagen auf Mallorca - ma\u00dfgeschneiderte L\u00f6sungen f\u00fcr Planung, Installation und Wartung. Maximieren Sie Komfort und Energieeffizienz. Kontaktieren Sie uns heute.\" \/>\n<meta name=\"robots\" content=\"index, follow, max-snippet:-1, max-image-preview:large, max-video-preview:-1\" \/>\n<link rel=\"canonical\" href=\"https:\/\/klima-profi-mallorca.de\/\" \/>\n<meta property=\"og:locale\" content=\"de_DE\" \/>\n<meta property=\"og:type\" content=\"article\" \/>\n<meta property=\"og:title\" content=\"Klimaanlage           Installation, Wartung und Service       Nowak auf Mallorca - Jan Nowak Klima\" \/>\n<meta property=\"og:description\" content=\"Ihr Experte f\u00fcr Klimaanlagen auf Mallorca - ma\u00dfgeschneiderte L\u00f6sungen f\u00fcr Planung, Installation und Wartung. Maximieren Sie Komfort und Energieeffizienz. Kontaktieren Sie uns heute.\" \/>\n<meta property=\"og:url\" content=\"https:\/\/klima-profi-mallorca.de\/\" \/>\n<meta property=\"og:site_name\" content=\"Jan Nowak Klima\" \/>\n<meta property=\"article:publisher\" content=\"https:\/\/www.facebook.com\/profile.php?id=100076835052569\" \/>\n<meta property=\"article:modified_time\" content=\"2023-06-12T22:04:37+00:00\" \/>\n<meta property=\"og:image\" content=\"http:\/\/klima-profi-mallorca.de\/wp-content\/uploads\/2023\/05\/pexels-attila-marosi-2353333-scaled-e1685369281439.jpg\" \/>\n\t<meta property=\"og:image:width\" content=\"2560\" \/>\n\t<meta property=\"og:image:height\" content=\"1088\" \/>\n\t<meta property=\"og:image:type\" content=\"image\/jpeg\" \/>\n<meta name=\"twitter:card\" content=\"summary_large_image\" \/>\n<meta name=\"twitter:label1\" content=\"Gesch\u00e4tzte Lesezeit\" \/>\n\t<meta name=\"twitter:data1\" content=\"1\u00a0Minute\" \/>\n<script type=\"application\/ld+json\" class=\"yoast-schema-graph\">{\"@context\":\"https:\\\/\\\/schema.org\",\"@graph\":[{\"@type\":\"WebPage\",\"@id\":\"http:\\\/\\\/klima-profi-mallorca.de\\\/\",\"url\":\"https:\\\/\\\/klima-profi-mallorca.de\\\/\",\"name\":\"Klimaanlage Installation, Wartung und Service Nowak auf Mallorca - Jan Nowak Klima\",\"isPartOf\":{\"@id\":\"http:\\\/\\\/klima-profi-mallorca.de\\\/#website\"},\"primaryImageOfPage\":{\"@id\":\"https:\\\/\\\/klima-profi-mallorca.de\\\/#primaryimage\"},\"image\":{\"@id\":\"https:\\\/\\\/klima-profi-mallorca.de\\\/#primaryimage\"},\"thumbnailUrl\":\"http:\\\/\\\/klima-profi-mallorca.de\\\/wp-content\\\/uploads\\\/2023\\\/05\\\/pexels-attila-marosi-2353333-scaled-e1685369281439.jpg\",\"datePublished\":\"2023-05-29T13:30:42+00:00\",\"dateModified\":\"2023-06-12T22:04:37+00:00\",\"description\":\"Ihr Experte f\u00fcr Klimaanlagen auf Mallorca - ma\u00dfgeschneiderte L\u00f6sungen f\u00fcr Planung, Installation und Wartung. Maximieren Sie Komfort und Energieeffizienz. Kontaktieren Sie uns heute.\",\"breadcrumb\":{\"@id\":\"https:\\\/\\\/klima-profi-mallorca.de\\\/#breadcrumb\"},\"inLanguage\":\"de\",\"potentialAction\":[{\"@type\":\"ReadAction\",\"target\":[\"https:\\\/\\\/klima-profi-mallorca.de\\\/\"]}]},{\"@type\":\"ImageObject\",\"inLanguage\":\"de\",\"@id\":\"https:\\\/\\\/klima-profi-mallorca.de\\\/#primaryimage\",\"url\":\"http:\\\/\\\/klima-profi-mallorca.de\\\/wp-content\\\/uploads\\\/2023\\\/05\\\/pexels-attila-marosi-2353333-scaled-e1685369281439.jpg\",\"contentUrl\":\"http:\\\/\\\/klima-profi-mallorca.de\\\/wp-content\\\/uploads\\\/2023\\\/05\\\/pexels-attila-marosi-2353333-scaled-e1685369281439.jpg\",\"width\":2560,\"height\":1088},{\"@type\":\"BreadcrumbList\",\"@id\":\"https:\\\/\\\/klima-profi-mallorca.de\\\/#breadcrumb\",\"itemListElement\":[{\"@type\":\"ListItem\",\"position\":1,\"name\":\"Startseite\",\"item\":\"http:\\\/\\\/klima-profi-mallorca.de\\\/\"},{\"@type\":\"ListItem\",\"position\":2,\"name\":\"Klimaanlage Installation, Wartung und Service Nowak auf Mallorca\"}]},{\"@type\":\"WebSite\",\"@id\":\"http:\\\/\\\/klima-profi-mallorca.de\\\/#website\",\"url\":\"http:\\\/\\\/klima-profi-mallorca.de\\\/\",\"name\":\"Jan Nowak Klima Montage in Mallorca\",\"description\":\"jan.n.klima\",\"potentialAction\":[{\"@type\":\"SearchAction\",\"target\":{\"@type\":\"EntryPoint\",\"urlTemplate\":\"http:\\\/\\\/klima-profi-mallorca.de\\\/?s={search_term_string}\"},\"query-input\":{\"@type\":\"PropertyValueSpecification\",\"valueRequired\":true,\"valueName\":\"search_term_string\"}}],\"inLanguage\":\"de\"}]}<\/script>\n<!-- \/ Yoast SEO plugin. -->","yoast_head_json":{"title":"Klimaanlage           Installation, Wartung und Service       Nowak auf Mallorca - Jan Nowak Klima","description":"Ihr Experte f\u00fcr Klimaanlagen auf Mallorca - ma\u00dfgeschneiderte L\u00f6sungen f\u00fcr Planung, Installation und Wartung. Maximieren Sie Komfort und Energieeffizienz. Kontaktieren Sie uns heute.","robots":{"index":"index","follow":"follow","max-snippet":"max-snippet:-1","max-image-preview":"max-image-preview:large","max-video-preview":"max-video-preview:-1"},"canonical":"https:\/\/klima-profi-mallorca.de\/","og_locale":"de_DE","og_type":"article","og_title":"Klimaanlage           Installation, Wartung und Service       Nowak auf Mallorca - Jan Nowak Klima","og_description":"Ihr Experte f\u00fcr Klimaanlagen auf Mallorca - ma\u00dfgeschneiderte L\u00f6sungen f\u00fcr Planung, Installation und Wartung. Maximieren Sie Komfort und Energieeffizienz. Kontaktieren Sie uns heute.","og_url":"https:\/\/klima-profi-mallorca.de\/","og_site_name":"Jan Nowak Klima","article_publisher":"https:\/\/www.facebook.com\/profile.php?id=100076835052569","article_modified_time":"2023-06-12T22:04:37+00:00","og_image":[{"width":2560,"height":1088,"url":"http:\/\/klima-profi-mallorca.de\/wp-content\/uploads\/2023\/05\/pexels-attila-marosi-2353333-scaled-e1685369281439.jpg","type":"image\/jpeg"}],"twitter_card":"summary_large_image","twitter_misc":{"Gesch\u00e4tzte Lesezeit":"1\u00a0Minute"},"schema":{"@context":"https:\/\/schema.org","@graph":[{"@type":"WebPage","@id":"http:\/\/klima-profi-mallorca.de\/","url":"https:\/\/klima-profi-mallorca.de\/","name":"Klimaanlage Installation, Wartung und Service Nowak auf Mallorca - Jan Nowak Klima","isPartOf":{"@id":"http:\/\/klima-profi-mallorca.de\/#website"},"primaryImageOfPage":{"@id":"https:\/\/klima-profi-mallorca.de\/#primaryimage"},"image":{"@id":"https:\/\/klima-profi-mallorca.de\/#primaryimage"},"thumbnailUrl":"http:\/\/klima-profi-mallorca.de\/wp-content\/uploads\/2023\/05\/pexels-attila-marosi-2353333-scaled-e1685369281439.jpg","datePublished":"2023-05-29T13:30:42+00:00","dateModified":"2023-06-12T22:04:37+00:00","description":"Ihr Experte f\u00fcr Klimaanlagen auf Mallorca - ma\u00dfgeschneiderte L\u00f6sungen f\u00fcr Planung, Installation und Wartung. Maximieren Sie Komfort und Energieeffizienz. Kontaktieren Sie uns heute.","breadcrumb":{"@id":"https:\/\/klima-profi-mallorca.de\/#breadcrumb"},"inLanguage":"de","potentialAction":[{"@type":"ReadAction","target":["https:\/\/klima-profi-mallorca.de\/"]}]},{"@type":"ImageObject","inLanguage":"de","@id":"https:\/\/klima-profi-mallorca.de\/#primaryimage","url":"http:\/\/klima-profi-mallorca.de\/wp-content\/uploads\/2023\/05\/pexels-attila-marosi-2353333-scaled-e1685369281439.jpg","contentUrl":"http:\/\/klima-profi-mallorca.de\/wp-content\/uploads\/2023\/05\/pexels-attila-marosi-2353333-scaled-e1685369281439.jpg","width":2560,"height":1088},{"@type":"BreadcrumbList","@id":"https:\/\/klima-profi-mallorca.de\/#breadcrumb","itemListElement":[{"@type":"ListItem","position":1,"name":"Startseite","item":"http:\/\/klima-profi-mallorca.de\/"},{"@type":"ListItem","position":2,"name":"Klimaanlage Installation, Wartung und Service Nowak auf Mallorca"}]},{"@type":"WebSite","@id":"http:\/\/klima-profi-mallorca.de\/#website","url":"http:\/\/klima-profi-mallorca.de\/","name":"Jan Nowak Klima Montage in Mallorca","description":"jan.n.klima","potentialAction":[{"@type":"SearchAction","target":{"@type":"EntryPoint","urlTemplate":"http:\/\/klima-profi-mallorca.de\/?s={search_term_string}"},"query-input":{"@type":"PropertyValueSpecification","valueRequired":true,"valueName":"search_term_string"}}],"inLanguage":"de"}]}},"_links":{"self":[{"href":"http:\/\/klima-profi-mallorca.de\/index.php?rest_route=\/wp\/v2\/pages\/6","targetHints":{"allow":["GET"]}}],"collection":[{"href":"http:\/\/klima-profi-mallorca.de\/index.php?rest_route=\/wp\/v2\/pages"}],"about":[{"href":"http:\/\/klima-profi-mallorca.de\/index.php?rest_route=\/wp\/v2\/types\/page"}],"author":[{"embeddable":true,"href":"http:\/\/klima-profi-mallorca.de\/index.php?rest_route=\/wp\/v2\/users\/1"}],"replies":[{"embeddable":true,"href":"http:\/\/klima-profi-mallorca.de\/index.php?rest_route=%2Fwp%2Fv2%2Fcomments&post=6"}],"version-history":[{"count":15,"href":"http:\/\/klima-profi-mallorca.de\/index.php?rest_route=\/wp\/v2\/pages\/6\/revisions"}],"predecessor-version":[{"id":46,"href":"http:\/\/klima-profi-mallorca.de\/index.php?rest_route=\/wp\/v2\/pages\/6\/revisions\/46"}],"wp:featuredmedia":[{"embeddable":true,"href":"http:\/\/klima-profi-mallorca.de\/index.php?rest_route=\/wp\/v2\/media\/14"}],"wp:attachment":[{"href":"http:\/\/klima-profi-mallorca.de\/index.php?rest_route=%2Fwp%2Fv2%2Fmedia&parent=6"}],"curies":[{"name":"wp","href":"https:\/\/api.w.org\/{rel}","templated":true}]}}